{"id":1524,"date":"2024-05-23T23:05:02","date_gmt":"2024-05-23T20:05:02","guid":{"rendered":"https:\/\/www.optival.com.tr\/adatvedelmi-iranyelvek\/"},"modified":"2025-12-12T11:06:26","modified_gmt":"2025-12-12T08:06:26","slug":"adatvedelmi-iranyelvek","status":"publish","type":"page","link":"https:\/\/www.optival.com.tr\/hu\/adatvedelmi-iranyelvek\/","title":{"rendered":"Adatv\u00e9delmi ir\u00e1nyelvek"},"content":{"rendered":"\n<h2 class=\"wp-block-heading\">Weboldal-haszn\u00e1lati adatv\u00e9delmi ir\u00e1nyelvek<\/h2>\n\n<p>Honlapunk c\u00edme: https:\/\/www.optival.com.tr Kapcsolattart\u00f3 e-mail c\u00edm\u00fcnk: info@optival.com.tr.<\/p>\n\n<h2 class=\"wp-block-heading\">Megjegyz\u00e9sek<\/h2>\n\n<p>Amikor a l\u00e1togat\u00f3k megjegyz\u00e9seket hagynak a webhelyen, \u00f6sszegy\u0171jtj\u00fck a megjegyz\u00e9s \u0171rlapon felt\u00fcntetett adatokat, valamint a l\u00e1togat\u00f3 IP-c\u00edm\u00e9t \u00e9s a b\u00f6ng\u00e9sz\u0151 inform\u00e1ci\u00f3s sz\u00f6veg\u00e9t, hogy seg\u00edts\u00fcnk a nem k\u00edv\u00e1nt megjegyz\u00e9sek felder\u00edt\u00e9s\u00e9ben.<\/p>\n\n<p>Az \u00d6n e-mail c\u00edm\u00e9b\u0151l gener\u00e1lt anonimiz\u00e1lt sz\u00f6veget (m\u00e1s n\u00e9ven hash-t) a Gravatar szolg\u00e1ltat\u00e1snak tov\u00e1bb\u00edthatj\u00e1k, hogy l\u00e1ss\u00e1k, haszn\u00e1lja-e a szolg\u00e1ltat\u00e1st. A Gravatar szolg\u00e1ltat\u00e1s adatv\u00e9delmi ir\u00e1nyelvei a k\u00f6vetkez\u0151 c\u00edmen \u00e9rhet\u0151k el https:\/\/automattic.com\/privacy\/. A hozz\u00e1sz\u00f3l\u00e1s j\u00f3v\u00e1hagy\u00e1sa ut\u00e1n a profilk\u00e9pe nyilv\u00e1nosan l\u00e1that\u00f3 lesz a hozz\u00e1sz\u00f3l\u00e1s\u00e1val egy\u00fctt. <\/p>\n\n<h2 class=\"wp-block-heading\">K\u00f6rnyezetv\u00e9delem<\/h2>\n\n<p>Ha k\u00e9peket t\u00f6lt fel a weboldalra, ker\u00fclje a be\u00e1gyazott helyadatokkal (EXIF GPS) rendelkez\u0151 k\u00e9pek felt\u00f6lt\u00e9s\u00e9t. A weboldal l\u00e1togat\u00f3i let\u00f6lthetnek \u00e9s kivehetnek b\u00e1rmilyen helyadatot a weboldalon tal\u00e1lhat\u00f3 k\u00e9pekb\u0151l. <\/p>\n\n<h2 class=\"wp-block-heading\">S\u00fctik<\/h2>\n\n<p>Ha hozz\u00e1sz\u00f3l\u00e1st hagy az oldalunkon, v\u00e1laszthatja, hogy nev\u00e9t, e-mail c\u00edm\u00e9t \u00e9s weboldal\u00e1t elmentj\u00fck a cookie-kban. Ezek az \u00d6n k\u00e9nyelm\u00e9t szolg\u00e1lj\u00e1k, \u00edgy nem kell \u00fajra megadnia adatait, amikor \u00fajabb hozz\u00e1sz\u00f3l\u00e1st hagy. Ezek a s\u00fctik egy \u00e9vig maradnak meg.  <\/p>\n\n<p>Ha megl\u00e1togatja a honlapunkat, egy ideiglenes s\u00fctit \u00e1ll\u00edtunk be, hogy meg\u00e1llap\u00edtsuk, az \u00d6n b\u00f6ng\u00e9sz\u0151je elfogadja-e a s\u00fctiket. Ez a s\u00fcti nem tartalmaz szem\u00e9lyes adatokat, \u00e9s a b\u00f6ng\u00e9sz\u0151 bez\u00e1r\u00e1sakor t\u00f6rl\u0151dik. <\/p>\n\n<p>Amikor bejelentkezik, t\u00f6bb s\u00fctit is elment\u00fcnk, hogy elmentse a bejelentkez\u00e9si adatait \u00e9s a k\u00e9perny\u0151 kijelz\u0151j\u00e9nek kiv\u00e1laszt\u00e1s\u00e1t. A bejelentkez\u00e9si s\u00fctik k\u00e9t napig, a k\u00e9perny\u0151v\u00e1laszt\u00e1si s\u00fctik pedig egy \u00e9vig maradnak meg. Ha az &#8222;Eml\u00e9kezz r\u00e1m&#8221; opci\u00f3t v\u00e1lasztja, a bejelentkez\u00e9se k\u00e9t h\u00e9tig megmarad. Ha kijelentkezik fi\u00f3kj\u00e1b\u00f3l, a bejelentkez\u00e9si cookie-kat elt\u00e1vol\u00edtjuk.   <\/p>\n\n<p>Ha szerkeszt vagy k\u00f6zz\u00e9tesz egy cikket, egy tov\u00e1bbi cookie ker\u00fcl t\u00e1rol\u00e1sra a b\u00f6ng\u00e9sz\u0151j\u00e9ben. Ez a s\u00fcti nem tartalmaz szem\u00e9lyes adatokat, \u00e9s csak az \u00d6n \u00e1ltal szerkesztett cikk post ID-j\u00e9t jelzi. 1 nap m\u00falva lej\u00e1r.  <\/p>\n\n<h2 class=\"wp-block-heading\">Be\u00e1gyazott tartalom m\u00e1s webhelyekr\u0151l<\/h2>\n\n<p>Az oldalon tal\u00e1lhat\u00f3 cikkek be\u00e1gyazott tartalmat (pl. vide\u00f3kat, k\u00e9peket, cikkeket stb.) tartalmazhatnak. A m\u00e1s webhelyekr\u0151l be\u00e1gyazott tartalom pontosan ugyan\u00fagy viselkedik, mintha a l\u00e1togat\u00f3 a m\u00e1sik webhelyet l\u00e1togatta volna meg. <\/p>\n\n<p>Ezek a weboldalak adatokat gy\u0171jthetnek \u00d6nr\u0151l, cookie-kat haszn\u00e1lhatnak, harmadik f\u00e9l \u00e1ltal be\u00e1gyazott tartalmakat k\u00f6vethetnek, \u00e9s ha \u00d6n rendelkezik fi\u00f3kkal \u00e9s be van jelentkezve erre a weboldalra, nyomon k\u00f6vethetik az \u00d6n interakci\u00f3j\u00e1t ezzel a be\u00e1gyazott tartalommal, bele\u00e9rtve a be\u00e1gyazott tartalommal val\u00f3 interakci\u00f3j\u00e1nak nyomon k\u00f6vet\u00e9s\u00e9t.<\/p>\n\n<h2 class=\"wp-block-heading\">Kivel osztjuk meg az \u00d6n adatait<\/h2>\n\n<p>Amikor jelsz\u00f3-vissza\u00e1ll\u00edt\u00e1sra k\u00e9rsz, az IP-c\u00edmed szerepel a jelsz\u00f3-vissza\u00e1ll\u00edt\u00e1si e-mailben.<\/p>\n\n<h2 class=\"wp-block-heading\">Mennyi ideig t\u00e1roljuk az \u00d6n adatait<\/h2>\n\n<p>Ha megjegyz\u00e9st hagy, a megjegyz\u00e9st \u00e9s annak metaadatait hat\u00e1rozatlan ideig t\u00e1roljuk. \u00cdgy automatikusan felismerhetj\u00fck \u00e9s j\u00f3v\u00e1hagyhatjuk a tov\u00e1bbi hozz\u00e1sz\u00f3l\u00e1sait, ahelyett, hogy a moder\u00e1l\u00e1si sorban tartan\u00e1nk \u0151ket. <\/p>\n\n<p>A weboldalunkon regisztr\u00e1l\u00f3 felhaszn\u00e1l\u00f3k eset\u00e9ben az \u00e1ltaluk megadott szem\u00e9lyes adatokat a felhaszn\u00e1l\u00f3i profiljukban is t\u00e1roljuk (ha van ilyen). Minden felhaszn\u00e1l\u00f3 b\u00e1rmikor megtekintheti, szerkesztheti vagy t\u00f6r\u00f6lheti szem\u00e9lyes adatait (kiv\u00e9ve a felhaszn\u00e1l\u00f3n\u00e9v megv\u00e1ltoztat\u00e1s\u00e1t). A weboldal adminisztr\u00e1torai is megtekinthetik \u00e9s szerkeszthetik ezeket az inform\u00e1ci\u00f3kat.  <\/p>\n\n<h2 class=\"wp-block-heading\">Milyen jogai vannak az \u00d6n adataihoz<\/h2>\n\n<p>Ha van fi\u00f3kja vagy megjegyz\u00e9se ezen az oldalon, k\u00e9rheti, hogy megkapja az \u00d6nr\u0151l t\u00e1rolt szem\u00e9lyes adatok export\u00e1lt f\u00e1jlj\u00e1t, bele\u00e9rtve az \u00d6n \u00e1ltal megadott adatokat is. K\u00e9rheti tov\u00e1bb\u00e1 az \u00d6nr\u0151l t\u00e1rolt szem\u00e9lyes adatok t\u00f6rl\u00e9s\u00e9t is. Ez nem vonatkozik azokra az adatokra, amelyeket adminisztrat\u00edv, jogi vagy biztons\u00e1gi okokb\u00f3l kell megadnunk.  <\/p>\n\n<h2 class=\"wp-block-heading\">Hov\u00e1 ker\u00fclnek az \u00d6n adatai<\/h2>\n\n<p>A l\u00e1togat\u00f3k hozz\u00e1sz\u00f3l\u00e1sait egy automatikus spam-felismer\u0151 szolg\u00e1ltat\u00e1ssal lehet ellen\u0151rizni.<\/p>\n\n<h2 class=\"wp-block-heading\">Probl\u00e9ma jelent\u00e9s<\/h2>\n\n<p>Ha \u00fagy v\u00e9li, hogy weboldalunkon megs\u00e9rtett\u00e9k az adatv\u00e9delmet, k\u00e9rj\u00fck, l\u00e9pjen kapcsolatba vel\u00fcnk a info@optival.com.tr e-mail c\u00edmen vagy <a href=\"https:\/\/www.optival.com.tr\/hu\/kapcsolatfelvetel\/\" data-type=\"page\" data-id=\"64\">a kapcsolatfelv\u00e9teli \u0171rlapon kereszt\u00fcl<\/a>.<\/p>\n","protected":false},"excerpt":{"rendered":"<p>Weboldal-haszn\u00e1lati adatv\u00e9delmi ir\u00e1nyelvek Honlapunk c\u00edme: https:\/\/www.optival.com.tr Kapcsolattart\u00f3 e-mail c\u00edm\u00fcnk: info@optival.com.tr. Megjegyz\u00e9sek Amikor a l\u00e1togat\u00f3k megjegyz\u00e9seket hagynak a webhelyen, \u00f6sszegy\u0171jtj\u00fck a megjegyz\u00e9s \u0171rlapon felt\u00fcntetett adatokat, valamint a l\u00e1togat\u00f3 IP-c\u00edm\u00e9t \u00e9s a b\u00f6ng\u00e9sz\u0151 inform\u00e1ci\u00f3s sz\u00f6veg\u00e9t, hogy seg\u00edts\u00fcnk a nem k\u00edv\u00e1nt megjegyz\u00e9sek felder\u00edt\u00e9s\u00e9ben. Az \u00d6n e-mail c\u00edm\u00e9b\u0151l gener\u00e1lt anonimiz\u00e1lt sz\u00f6veget (m\u00e1s n\u00e9ven hash-t) a Gravatar szolg\u00e1ltat\u00e1snak tov\u00e1bb\u00edthatj\u00e1k, hogy [&hellip;]<\/p>\n","protected":false},"author":1,"featured_media":1525,"parent":0,"menu_order":0,"comment_status":"closed","ping_status":"closed","template":"","meta":{"_gspb_post_css":"","_uag_custom_page_level_css":"","footnotes":""},"class_list":["post-1524","page","type-page","status-publish","has-post-thumbnail","hentry"],"blocksy_meta":{"has_hero_section":"enabled","hero_section":"type-2","hero_elements":[{"id":"custom_title","enabled":false,"heading_tag":"h1","title":"Home","__id":"rJZkUUdjPvOs0Dk_RD79o"},{"id":"custom_description","enabled":true,"description_visibility":{"desktop":true,"tablet":true,"mobile":false},"__id":"oG7XIP4KH6D8wW0HNXfiG"},{"id":"custom_meta","enabled":false,"meta_elements":[{"id":"author","enabled":true,"label":"By","has_author_avatar":"yes","avatar_size":25},{"id":"post_date","enabled":true,"label":"On","date_format_source":"default","date_format":"M j, Y"},{"id":"updated_date","enabled":false,"label":"On","date_format_source":"default","date_format":"M j, Y"},{"id":"categories","enabled":false,"label":"In","style":"simple"},{"id":"comments","enabled":true}],"page_meta_elements":{"joined":true,"articles_count":true,"comments":true},"__id":"gElvIBBKDE8Bz6ktwTz09"},{"id":"breadcrumbs","enabled":false,"__id":"XvIaI4KAc_B_LpTnK_2ct"}],"styles_descriptor":{"styles":{"desktop":"[data-prefix=\"single_page\"] .entry-header .page-title {--theme-font-size:30px;} [data-prefix=\"single_page\"] .entry-header .entry-meta {--theme-font-weight:600;--theme-text-transform:uppercase;--theme-font-size:12px;--theme-line-height:1.3;} [data-prefix=\"single_page\"] .hero-section[data-type=\"type-2\"] {--min-height:800px;background-color:var(--theme-palette-color-6);background-image:none;--container-padding:50px 0px;}","tablet":"","mobile":""},"google_fonts":[],"version":6},"hero_height":{"desktop":"800px","tablet":"800px","mobile":"800px"}},"uagb_featured_image_src":{"full":["https:\/\/www.optival.com.tr\/wp-content\/uploads\/2024\/05\/Gizlilik-Politikasi.jpg",1920,1080,false],"thumbnail":["https:\/\/www.optival.com.tr\/wp-content\/uploads\/2024\/05\/Gizlilik-Politikasi-150x150.jpg",150,150,true],"medium":["https:\/\/www.optival.com.tr\/wp-content\/uploads\/2024\/05\/Gizlilik-Politikasi-300x169.jpg",300,169,true],"medium_large":["https:\/\/www.optival.com.tr\/wp-content\/uploads\/2024\/05\/Gizlilik-Politikasi-768x432.jpg",768,432,true],"large":["https:\/\/www.optival.com.tr\/wp-content\/uploads\/2024\/05\/Gizlilik-Politikasi-1024x576.jpg",1024,576,true],"1536x1536":["https:\/\/www.optival.com.tr\/wp-content\/uploads\/2024\/05\/Gizlilik-Politikasi-1536x864.jpg",1536,864,true],"2048x2048":["https:\/\/www.optival.com.tr\/wp-content\/uploads\/2024\/05\/Gizlilik-Politikasi.jpg",1920,1080,false]},"uagb_author_info":{"display_name":"optival_8yofdn","author_link":"https:\/\/www.optival.com.tr\/hu\/author\/optival_8yofdn\/"},"uagb_comment_info":0,"uagb_excerpt":"Weboldal-haszn\u00e1lati adatv\u00e9delmi ir\u00e1nyelvek Honlapunk c\u00edme: https:\/\/www.optival.com.tr Kapcsolattart\u00f3 e-mail c\u00edm\u00fcnk: info@optival.com.tr. Megjegyz\u00e9sek Amikor a l\u00e1togat\u00f3k megjegyz\u00e9seket hagynak a webhelyen, \u00f6sszegy\u0171jtj\u00fck a megjegyz\u00e9s \u0171rlapon felt\u00fcntetett adatokat, valamint a l\u00e1togat\u00f3 IP-c\u00edm\u00e9t \u00e9s a b\u00f6ng\u00e9sz\u0151 inform\u00e1ci\u00f3s sz\u00f6veg\u00e9t, hogy seg\u00edts\u00fcnk a nem k\u00edv\u00e1nt megjegyz\u00e9sek felder\u00edt\u00e9s\u00e9ben. Az \u00d6n e-mail c\u00edm\u00e9b\u0151l gener\u00e1lt anonimiz\u00e1lt sz\u00f6veget (m\u00e1s n\u00e9ven hash-t) a Gravatar szolg\u00e1ltat\u00e1snak tov\u00e1bb\u00edthatj\u00e1k, hogy&hellip;","_links":{"self":[{"href":"https:\/\/www.optival.com.tr\/hu\/wp-json\/wp\/v2\/pages\/1524","targetHints":{"allow":["GET"]}}],"collection":[{"href":"https:\/\/www.optival.com.tr\/hu\/wp-json\/wp\/v2\/pages"}],"about":[{"href":"https:\/\/www.optival.com.tr\/hu\/wp-json\/wp\/v2\/types\/page"}],"author":[{"embeddable":true,"href":"https:\/\/www.optival.com.tr\/hu\/wp-json\/wp\/v2\/users\/1"}],"replies":[{"embeddable":true,"href":"https:\/\/www.optival.com.tr\/hu\/wp-json\/wp\/v2\/comments?post=1524"}],"version-history":[{"count":1,"href":"https:\/\/www.optival.com.tr\/hu\/wp-json\/wp\/v2\/pages\/1524\/revisions"}],"predecessor-version":[{"id":1526,"href":"https:\/\/www.optival.com.tr\/hu\/wp-json\/wp\/v2\/pages\/1524\/revisions\/1526"}],"wp:featuredmedia":[{"embeddable":true,"href":"https:\/\/www.optival.com.tr\/hu\/wp-json\/wp\/v2\/media\/1525"}],"wp:attachment":[{"href":"https:\/\/www.optival.com.tr\/hu\/wp-json\/wp\/v2\/media?parent=1524"}],"curies":[{"name":"wp","href":"https:\/\/api.w.org\/{rel}","templated":true}]}}